{"id":843,"date":"2025-10-23T14:20:40","date_gmt":"2025-10-23T14:20:40","guid":{"rendered":"https:\/\/adcotrading.eu\/?page_id=843"},"modified":"2026-04-30T08:39:49","modified_gmt":"2026-04-30T08:39:49","slug":"start","status":"publish","type":"page","link":"https:\/\/adcotrading.eu\/fr\/","title":{"rendered":"Commencer"},"content":{"rendered":"\n<div class=\"wp-block-cover alignfull is-light has-custom-content-position is-position-top-center adco-cover-block\" style=\"min-height:90vh;aspect-ratio:unset;\"><img data-dominant-color=\"a7aaa2\" data-has-transparency=\"false\" style=\"--dominant-color: #a7aaa2;\" loading=\"lazy\" decoding=\"async\" width=\"2560\" height=\"2058\" sizes=\"auto, (max-width: 2560px) 100vw, 2560px\" class=\"wp-block-cover__image-background wp-image-993 size-full not-transparent\" alt=\"\" src=\"https:\/\/adcotrading.eu\/app\/uploads\/2026\/03\/ad_co-trading-samlingskassar-2-1-scaled.webp\" data-object-fit=\"cover\" srcset=\"https:\/\/adcotrading.eu\/app\/uploads\/2026\/03\/ad_co-trading-samlingskassar-2-1-scaled.webp 2560w, https:\/\/adcotrading.eu\/app\/uploads\/2026\/03\/ad_co-trading-samlingskassar-2-1-300x241.webp 300w, https:\/\/adcotrading.eu\/app\/uploads\/2026\/03\/ad_co-trading-samlingskassar-2-1-1024x823.webp 1024w, https:\/\/adcotrading.eu\/app\/uploads\/2026\/03\/ad_co-trading-samlingskassar-2-1-768x617.webp 768w, https:\/\/adcotrading.eu\/app\/uploads\/2026\/03\/ad_co-trading-samlingskassar-2-1-1536x1235.webp 1536w, https:\/\/adcotrading.eu\/app\/uploads\/2026\/03\/ad_co-trading-samlingskassar-2-1-2048x1647.webp 2048w\" \/><span aria-hidden=\"true\" class=\"wp-block-cover__background has-black-background-color has-background-dim-0 has-background-dim\"><\/span><div class=\"wp-block-cover__inner-container is-layout-constrained wp-block-cover-is-layout-constrained\">\n<h1 class=\"wp-block-heading alignwide has-text-align-center has-ember-color has-text-color has-hero-supersize-font-size\">Le site des sacs<\/h1>\n<\/div><\/div>\n\n<div class=\"wp-block-group alignwide is-content-justification-center is-layout-flex wp-container-core-group-is-layout-36403c5c wp-block-group-is-layout-flex\" style=\"margin-top:var(--wp--preset--spacing--80);margin-bottom:var(--wp--preset--spacing--80)\">\n<figure class=\"wp-block-image size-full is-resized\"><img data-dominant-color=\"1d1d1b\" data-has-transparency=\"true\" loading=\"lazy\" decoding=\"async\" width=\"284\" height=\"394\" sizes=\"auto, (max-width: 284px) 100vw, 284px\" src=\"https:\/\/adcotrading.eu\/app\/uploads\/2025\/11\/logo.webp\" alt=\"\" class=\"wp-image-608 has-transparency\" style=\"--dominant-color: #1d1d1b; width:130px\" srcset=\"https:\/\/adcotrading.eu\/app\/uploads\/2025\/11\/logo.webp 284w, https:\/\/adcotrading.eu\/app\/uploads\/2025\/11\/logo-216x300.webp 216w\" \/><\/figure>\n\n\n\n<div class=\"wp-block-group is-layout-constrained wp-container-core-group-is-layout-060b0d70 wp-block-group-is-layout-constrained\">\n<h2 class=\"wp-block-heading\">Le guide complet des sacs r\u00e9utilisables, des mat\u00e9riaux \u00e0 la livraison<\/h2>\n\n\n\n<p>Un sac est bien plus qu\u2019un simple emballage. <br \/>Il refl\u00e8te votre marque, vos valeurs et votre engagement en faveur du d\u00e9veloppement durable.<br \/>Forts de plus de 50\u00a0ans d\u2019exp\u00e9rience, nous sommes l\u00e0 pour vous accompagner tout au long de votre projet.<\/p>\n<\/div>\n<\/div>\n\n<div class=\"wp-block-group alignwide is-nowrap is-layout-flex wp-container-core-group-is-layout-6c531013 wp-block-group-is-layout-flex\">\n<h3 class=\"wp-block-heading\">Sacs r\u00e9utilisables \u2013 Aper\u00e7u des mat\u00e9riaux<\/h3>\n<\/div>\n\n<div class=\"materials-slides-block alignwide wp-block\" id=\"block_2d77a285857bd9d42e830f08ee8f1e6a\">\n\n\n<\/div>\n\n\n<div class=\"wp-block-group alignwide has-linen-soft-background-color has-background is-layout-constrained wp-container-core-group-is-layout-18ca7078 wp-block-group-is-layout-constrained\" style=\"border-top-left-radius:35px;border-top-right-radius:35px;border-bottom-left-radius:35px;border-bottom-right-radius:35px;margin-bottom:var(--wp--preset--spacing--80);padding-top:var(--wp--preset--spacing--70);padding-right:var(--wp--preset--spacing--80);padding-bottom:var(--wp--preset--spacing--70);padding-left:var(--wp--preset--spacing--80)\">\n<h2 class=\"wp-block-heading alignwide has-text-align-left has-forest-color has-text-color has-link-color wp-elements-30efe19f6e77d3c7192c82680962d50d\" style=\"margin-bottom:var(--wp--preset--spacing--60)\">Faciliter le bon choix<\/h2>\n\n\n\n<div class=\"wp-block-columns alignwide is-layout-flex wp-container-core-columns-is-layout-e0e4babd wp-block-columns-is-layout-flex\" style=\"padding-right:0;padding-left:0\">\n<div class=\"wp-block-column is-layout-flow wp-block-column-is-layout-flow\">\n<p>Un sac est bien plus qu\u2019un simple emballage\u00a0: il incarne votre marque, vos valeurs et votre engagement en faveur du d\u00e9veloppement durable. <\/p>\n\n\n\n<p>C\u2019est pourquoi nous nous sommes donn\u00e9 pour mission d\u2019assumer cette responsabilit\u00e9 \u00e0 votre place, en faisant preuve de savoir-faire, d\u2019attention et de rigueur \u00e0 chaque \u00e9tape.<\/p>\n\n\n\n<p>Forts de plusieurs d\u00e9cennies d\u2019exp\u00e9rience dans le commerce international, nous savons ce qu\u2019il faut pour fabriquer des sacs qui r\u00e9pondent pleinement aux exigences en mati\u00e8re de qualit\u00e9, de fiabilit\u00e9 et de durabilit\u00e9.<\/p>\n\n\n\n<p>En \u00e9tant pr\u00e9sents sur le terrain et en entretenant des relations \u00e9troites avec nos fournisseurs, nous veillons \u00e0 ce que chaque produit soit fabriqu\u00e9 dans les r\u00e8gles de l\u2019art, dans le respect tant des personnes que de la plan\u00e8te.<br \/><\/p>\n<\/div>\n\n\n\n<div class=\"wp-block-column is-layout-flow wp-block-column-is-layout-flow\">\n<p>Ainsi, en nous choisissant, vous ne vous contentez pas de trouver un fournisseur\u00a0: vous gagnez en tranquillit\u00e9 d\u2019esprit.<\/p>\n\n\n\n<p>Nous connaissons les sacs sur le bout des doigts et nous veillons \u00e0 ce qu\u2019ils remplissent leur r\u00f4le\u00a0: renforcer votre marque, vos valeurs et votre activit\u00e9.<\/p>\n\n\n\n<p>C\u2019est pourquoi nous avons r\u00e9dig\u00e9 cet ouvrage\u00a0: pour partager nos connaissances et vous aider \u00e0 faire le bon choix.<\/p>\n\n\n\n<h2 class=\"wp-block-heading has-forest-color has-text-color has-link-color has-x-large-font-size wp-elements-2ff458babac6897c84c0526d137a4f48\">\u00ab\u00a0Nous assumons nos responsabilit\u00e9s pour que vous puissiez faire vos choix en toute confiance.\u00a0\u00bb<\/h2>\n<\/div>\n<\/div>\n<\/div>\n\n<div class=\"wp-block-media-text alignwide has-media-on-the-right is-stacked-on-mobile\"><div class=\"wp-block-media-text__content\">\n<div class=\"wp-block-group is-layout-constrained wp-block-group-is-layout-constrained\" style=\"margin-top:0;margin-bottom:0;padding-top:var(--wp--preset--spacing--70);padding-bottom:var(--wp--preset--spacing--70)\">\n<h3 class=\"wp-block-heading has-ember-color has-text-color has-link-color wp-elements-7e9f3a5c1ea204887855caac56e1cd5c\" style=\"font-size:71px\">The Bag Book<\/h3>\n\n\n\n<p><strong>Votre guide complet pour choisir le sac id\u00e9al<\/strong><\/p>\n\n\n\n<p>Dans <strong>The Bag Book<\/strong>, nous mettons \u00e0 votre service plus de 50\u00a0ans d\u2019exp\u00e9rience pour vous aider \u00e0 comprendre ce qui compte vraiment lors de l\u2019achat de sacs r\u00e9utilisables. D\u00e9couvrez les mat\u00e9riaux, les certifications, les informations sur la production et les conseils pratiques qui vous aideront \u00e0 prendre votre d\u00e9cision. Il s\u2019agit d\u2019un guide complet qui explique tout ce qu\u2019il faut savoir sur les sacs r\u00e9utilisables, des mat\u00e9riaux tels que le coton, le polyester, le non-tiss\u00e9 et le R-PET aux normes de durabilit\u00e9, en passant par les tests de qualit\u00e9 et la logistique.<\/p>\n\n\n\n<p>Dans ce guide, vous apprendrez\u00a0:<\/p>\n\n\n\n<ul class=\"wp-block-list\">\n<li>Comment choisir le bon mat\u00e9riau pour son sac<\/li>\n\n\n\n<li>La signification r\u00e9elle des certifications en mati\u00e8re de d\u00e9veloppement durable<\/li>\n\n\n\n<li>Comment les contr\u00f4les qualit\u00e9 garantissent la durabilit\u00e9<\/li>\n\n\n\n<li>Comment la logistique et la production influencent la livraison<\/li>\n\n\n\n<li>Les \u00e9l\u00e9ments \u00e0 prendre en compte lors de la demande de devis aupr\u00e8s des fournisseurs<\/li>\n<\/ul>\n\n\n\n<div class=\"wp-block-buttons is-layout-flex wp-block-buttons-is-layout-flex\">\n<div class=\"wp-block-button\"><a class=\"wp-block-button__link has-ember-background-color has-background wp-element-button\" href=\"https:\/\/adcotrading.eu\/app\/uploads\/2026\/03\/the-bag-book-ad-co-trading-pdf.pdf\" target=\"_blank\" rel=\"noreferrer noopener\">T\u00e9l\u00e9charger le guide<\/a><\/div>\n<\/div>\n<\/div>\n<\/div><figure class=\"wp-block-media-text__media\"><img data-dominant-color=\"e8e6e4\" data-has-transparency=\"false\" style=\"--dominant-color: #e8e6e4;\" loading=\"lazy\" decoding=\"async\" width=\"1024\" height=\"683\" src=\"https:\/\/adcotrading.eu\/app\/uploads\/2025\/12\/The-Bag-Book-1024x683.webp\" alt=\"\" class=\"wp-image-793 size-full not-transparent\" srcset=\"https:\/\/adcotrading.eu\/app\/uploads\/2025\/12\/The-Bag-Book-1024x683.webp 1024w, https:\/\/adcotrading.eu\/app\/uploads\/2025\/12\/The-Bag-Book-300x200.webp 300w, https:\/\/adcotrading.eu\/app\/uploads\/2025\/12\/The-Bag-Book-768x512.webp 768w, https:\/\/adcotrading.eu\/app\/uploads\/2025\/12\/The-Bag-Book.webp 1536w\" sizes=\"auto, (max-width: 1024px) 100vw, 1024px\" \/><\/figure><\/div>\n\n<div class=\"wp-block-group alignwide is-layout-constrained wp-block-group-is-layout-constrained\">\n<h3 class=\"wp-block-heading alignwide\">Our sustainability initiatives<\/h3>\n\n\n\n<div class=\"sustainable-entrances-block alignwide wp-block\" id=\"block_a009ef6eb25354b07e377ca00808ff12\">\n\n    <div class=\"link-items\">\n            <a href=\"http:\/\/adcotrading.eu\/sustainability-first\/social-responsibility\/\">\n            <figure><img loading=\"lazy\" decoding=\"async\" width=\"955\" height=\"601\" src=\"https:\/\/adcotrading.eu\/app\/uploads\/2025\/10\/Our-Social-Responsibility.avif\" class=\"attachment-full size-full\" alt=\"\" srcset=\"https:\/\/adcotrading.eu\/app\/uploads\/2025\/10\/Our-Social-Responsibility.avif 955w, https:\/\/adcotrading.eu\/app\/uploads\/2025\/10\/Our-Social-Responsibility-300x189.avif 300w, https:\/\/adcotrading.eu\/app\/uploads\/2025\/10\/Our-Social-Responsibility-768x483.avif 768w\" sizes=\"auto, (max-width: 955px) 100vw, 955px\" \/>                <figcaption>Social Responsibility<\/figcaption>\n            <\/figure>\n        <\/a>\n            <a href=\"http:\/\/adcotrading.eu\/sustainability-first\/carbon-footprint\/\">\n            <figure><img loading=\"lazy\" decoding=\"async\" width=\"955\" height=\"600\" src=\"https:\/\/adcotrading.eu\/app\/uploads\/2025\/10\/Carbon-Footprint.avif\" class=\"attachment-full size-full\" alt=\"\" srcset=\"https:\/\/adcotrading.eu\/app\/uploads\/2025\/10\/Carbon-Footprint.avif 955w, https:\/\/adcotrading.eu\/app\/uploads\/2025\/10\/Carbon-Footprint-300x188.avif 300w, https:\/\/adcotrading.eu\/app\/uploads\/2025\/10\/Carbon-Footprint-768x483.avif 768w\" sizes=\"auto, (max-width: 955px) 100vw, 955px\" \/>                <figcaption>Carbon Footprint<\/figcaption>\n            <\/figure>\n        <\/a>\n            <a href=\"http:\/\/adcotrading.eu\/sustainability-first\/responsible-chemical-management\/\">\n            <figure><img loading=\"lazy\" decoding=\"async\" width=\"956\" height=\"602\" src=\"https:\/\/adcotrading.eu\/app\/uploads\/2025\/10\/Responsible-Chemical-Management.avif\" class=\"attachment-full size-full\" alt=\"\" srcset=\"https:\/\/adcotrading.eu\/app\/uploads\/2025\/10\/Responsible-Chemical-Management.avif 956w, https:\/\/adcotrading.eu\/app\/uploads\/2025\/10\/Responsible-Chemical-Management-300x189.avif 300w, https:\/\/adcotrading.eu\/app\/uploads\/2025\/10\/Responsible-Chemical-Management-768x484.avif 768w\" sizes=\"auto, (max-width: 956px) 100vw, 956px\" \/>                <figcaption>Responsible Chemical Management<\/figcaption>\n            <\/figure>\n        <\/a>\n            <a href=\"http:\/\/adcotrading.eu\/sustainability-first\/traceable\/\">\n            <figure><img loading=\"lazy\" decoding=\"async\" width=\"2560\" height=\"1707\" src=\"https:\/\/adcotrading.eu\/app\/uploads\/2025\/12\/PET-bild.webp\" class=\"attachment-full size-full not-transparent\" alt=\"\" srcset=\"https:\/\/adcotrading.eu\/app\/uploads\/2025\/12\/PET-bild.webp 2560w, https:\/\/adcotrading.eu\/app\/uploads\/2025\/12\/PET-bild-300x200.webp 300w, https:\/\/adcotrading.eu\/app\/uploads\/2025\/12\/PET-bild-1024x683.webp 1024w, https:\/\/adcotrading.eu\/app\/uploads\/2025\/12\/PET-bild-768x512.webp 768w, https:\/\/adcotrading.eu\/app\/uploads\/2025\/12\/PET-bild-1536x1024.webp 1536w, https:\/\/adcotrading.eu\/app\/uploads\/2025\/12\/PET-bild-2048x1366.webp 2048w\" sizes=\"auto, (max-width: 2560px) 100vw, 2560px\" data-has-transparency=\"false\" data-dominant-color=\"8ddae6\" style=\"--dominant-color: #8ddae6;\" \/>                <figcaption>Supply Chain Traceability<\/figcaption>\n            <\/figure>\n        <\/a>\n        <\/div>\n\n<\/div><\/div>\n","protected":false},"excerpt":{"rendered":"<p>Le guide complet des sacs r\u00e9utilisables, des mat\u00e9riaux \u00e0 la livraison Un sac est bien plus qu\u2019un simple emballage. Il refl\u00e8te votre marque, vos valeurs et votre engagement en faveur du d\u00e9veloppement durable.Forts de plus de 50\u00a0ans d\u2019exp\u00e9rience, nous sommes l\u00e0 pour vous accompagner tout au long de votre projet. Sacs r\u00e9utilisables \u2013 Aper\u00e7u des [&hellip;]<\/p>\n","protected":false},"author":2,"featured_media":0,"parent":0,"menu_order":0,"comment_status":"closed","ping_status":"closed","template":"","meta":{"_acf_changed":false,"footnotes":""},"class_list":["post-843","page","type-page","status-publish","hentry"],"acf":[],"yoast_head":"<!-- This site is optimized with the Yoast SEO plugin v27.4 - https:\/\/yoast.com\/product\/yoast-seo-wordpress\/ -->\n<title>Commencer - AD CO. trading<\/title>\n<meta name=\"description\" content=\"Le site des sacs Le guide complet des sacs r\u00e9utilisables, des mat\u00e9riaux \u00e0 la livraison Un sac est bien plus qu\u2019un simple emballage. Il refl\u00e8te votre\" \/>\n<meta name=\"robots\" content=\"index, follow, max-snippet:-1, max-image-preview:large, max-video-preview:-1\" \/>\n<link rel=\"canonical\" href=\"https:\/\/adcotrading.eu\/fr\/\" \/>\n<meta property=\"og:locale\" content=\"fr_FR\" \/>\n<meta property=\"og:type\" content=\"article\" \/>\n<meta property=\"og:title\" content=\"Commencer - AD CO. trading\" \/>\n<meta property=\"og:description\" content=\"Le site des sacs Le guide complet des sacs r\u00e9utilisables, des mat\u00e9riaux \u00e0 la livraison Un sac est bien plus qu\u2019un simple emballage. Il refl\u00e8te votre\" \/>\n<meta property=\"og:url\" content=\"https:\/\/adcotrading.eu\/fr\/\" \/>\n<meta property=\"og:site_name\" content=\"AD CO. trading\" \/>\n<meta property=\"article:modified_time\" content=\"2026-04-30T08:39:49+00:00\" \/>\n<meta property=\"og:image\" content=\"https:\/\/adcotrading.eu\/app\/uploads\/2026\/03\/ad_co-trading-samlingskassar-2-1-scaled.webp\" \/>\n\t<meta property=\"og:image:width\" content=\"2560\" \/>\n\t<meta property=\"og:image:height\" content=\"2058\" \/>\n\t<meta property=\"og:image:type\" content=\"image\/jpeg\" \/>\n<meta name=\"twitter:card\" content=\"summary_large_image\" \/>\n<meta name=\"twitter:label1\" content=\"Est. reading time\" \/>\n\t<meta name=\"twitter:data1\" content=\"1 minute\" \/>\n<script type=\"application\/ld+json\" class=\"yoast-schema-graph\">{\"@context\":\"https:\\\/\\\/schema.org\",\"@graph\":[{\"@type\":\"WebPage\",\"@id\":\"https:\\\/\\\/adcotrading.eu\\\/fr\\\/\",\"url\":\"https:\\\/\\\/adcotrading.eu\\\/fr\\\/\",\"name\":\"Commencer - AD CO. trading\",\"isPartOf\":{\"@id\":\"https:\\\/\\\/adcotrading.eu\\\/fr\\\/#website\"},\"primaryImageOfPage\":{\"@id\":\"https:\\\/\\\/adcotrading.eu\\\/fr\\\/#primaryimage\"},\"image\":{\"@id\":\"https:\\\/\\\/adcotrading.eu\\\/fr\\\/#primaryimage\"},\"thumbnailUrl\":\"https:\\\/\\\/adcotrading.eu\\\/app\\\/uploads\\\/2026\\\/03\\\/ad_co-trading-samlingskassar-2-1-scaled.webp\",\"datePublished\":\"2025-10-23T14:20:40+00:00\",\"dateModified\":\"2026-04-30T08:39:49+00:00\",\"description\":\"Le site des sacs Le guide complet des sacs r\u00e9utilisables, des mat\u00e9riaux \u00e0 la livraison Un sac est bien plus qu\u2019un simple emballage. Il refl\u00e8te votre\",\"breadcrumb\":{\"@id\":\"https:\\\/\\\/adcotrading.eu\\\/fr\\\/#breadcrumb\"},\"inLanguage\":\"fr-FR\",\"potentialAction\":[{\"@type\":\"ReadAction\",\"target\":[\"https:\\\/\\\/adcotrading.eu\\\/fr\\\/\"]}]},{\"@type\":\"ImageObject\",\"inLanguage\":\"fr-FR\",\"@id\":\"https:\\\/\\\/adcotrading.eu\\\/fr\\\/#primaryimage\",\"url\":\"https:\\\/\\\/adcotrading.eu\\\/app\\\/uploads\\\/2026\\\/03\\\/ad_co-trading-samlingskassar-2-1-scaled.webp\",\"contentUrl\":\"https:\\\/\\\/adcotrading.eu\\\/app\\\/uploads\\\/2026\\\/03\\\/ad_co-trading-samlingskassar-2-1-scaled.webp\"},{\"@type\":\"BreadcrumbList\",\"@id\":\"https:\\\/\\\/adcotrading.eu\\\/fr\\\/#breadcrumb\",\"itemListElement\":[{\"@type\":\"ListItem\",\"position\":1,\"name\":\"Home\",\"item\":\"https:\\\/\\\/adcotrading.eu\\\/fr\\\/\"},{\"@type\":\"ListItem\",\"position\":2,\"name\":\"Commencer\"}]},{\"@type\":\"WebSite\",\"@id\":\"https:\\\/\\\/adcotrading.eu\\\/fr\\\/#website\",\"url\":\"https:\\\/\\\/adcotrading.eu\\\/fr\\\/\",\"name\":\"AD CO. trading\",\"description\":\"\",\"potentialAction\":[{\"@type\":\"SearchAction\",\"target\":{\"@type\":\"EntryPoint\",\"urlTemplate\":\"https:\\\/\\\/adcotrading.eu\\\/fr\\\/?s={search_term_string}\"},\"query-input\":{\"@type\":\"PropertyValueSpecification\",\"valueRequired\":true,\"valueName\":\"search_term_string\"}}],\"inLanguage\":\"fr-FR\"}]}<\/script>\n<!-- \/ Yoast SEO plugin. -->","yoast_head_json":{"title":"Commencer - AD CO. trading","description":"Le site des sacs Le guide complet des sacs r\u00e9utilisables, des mat\u00e9riaux \u00e0 la livraison Un sac est bien plus qu\u2019un simple emballage. Il refl\u00e8te votre","robots":{"index":"index","follow":"follow","max-snippet":"max-snippet:-1","max-image-preview":"max-image-preview:large","max-video-preview":"max-video-preview:-1"},"canonical":"https:\/\/adcotrading.eu\/fr\/","og_locale":"fr_FR","og_type":"article","og_title":"Commencer - AD CO. trading","og_description":"Le site des sacs Le guide complet des sacs r\u00e9utilisables, des mat\u00e9riaux \u00e0 la livraison Un sac est bien plus qu\u2019un simple emballage. Il refl\u00e8te votre","og_url":"https:\/\/adcotrading.eu\/fr\/","og_site_name":"AD CO. trading","article_modified_time":"2026-04-30T08:39:49+00:00","og_image":[{"width":2560,"height":2058,"url":"https:\/\/adcotrading.eu\/app\/uploads\/2026\/03\/ad_co-trading-samlingskassar-2-1-scaled.webp","type":"image\/jpeg"}],"twitter_card":"summary_large_image","twitter_misc":{"Est. reading time":"1 minute"},"schema":{"@context":"https:\/\/schema.org","@graph":[{"@type":"WebPage","@id":"https:\/\/adcotrading.eu\/fr\/","url":"https:\/\/adcotrading.eu\/fr\/","name":"Commencer - AD CO. trading","isPartOf":{"@id":"https:\/\/adcotrading.eu\/fr\/#website"},"primaryImageOfPage":{"@id":"https:\/\/adcotrading.eu\/fr\/#primaryimage"},"image":{"@id":"https:\/\/adcotrading.eu\/fr\/#primaryimage"},"thumbnailUrl":"https:\/\/adcotrading.eu\/app\/uploads\/2026\/03\/ad_co-trading-samlingskassar-2-1-scaled.webp","datePublished":"2025-10-23T14:20:40+00:00","dateModified":"2026-04-30T08:39:49+00:00","description":"Le site des sacs Le guide complet des sacs r\u00e9utilisables, des mat\u00e9riaux \u00e0 la livraison Un sac est bien plus qu\u2019un simple emballage. Il refl\u00e8te votre","breadcrumb":{"@id":"https:\/\/adcotrading.eu\/fr\/#breadcrumb"},"inLanguage":"fr-FR","potentialAction":[{"@type":"ReadAction","target":["https:\/\/adcotrading.eu\/fr\/"]}]},{"@type":"ImageObject","inLanguage":"fr-FR","@id":"https:\/\/adcotrading.eu\/fr\/#primaryimage","url":"https:\/\/adcotrading.eu\/app\/uploads\/2026\/03\/ad_co-trading-samlingskassar-2-1-scaled.webp","contentUrl":"https:\/\/adcotrading.eu\/app\/uploads\/2026\/03\/ad_co-trading-samlingskassar-2-1-scaled.webp"},{"@type":"BreadcrumbList","@id":"https:\/\/adcotrading.eu\/fr\/#breadcrumb","itemListElement":[{"@type":"ListItem","position":1,"name":"Home","item":"https:\/\/adcotrading.eu\/fr\/"},{"@type":"ListItem","position":2,"name":"Commencer"}]},{"@type":"WebSite","@id":"https:\/\/adcotrading.eu\/fr\/#website","url":"https:\/\/adcotrading.eu\/fr\/","name":"AD CO. trading","description":"","potentialAction":[{"@type":"SearchAction","target":{"@type":"EntryPoint","urlTemplate":"https:\/\/adcotrading.eu\/fr\/?s={search_term_string}"},"query-input":{"@type":"PropertyValueSpecification","valueRequired":true,"valueName":"search_term_string"}}],"inLanguage":"fr-FR"}]}},"_links":{"self":[{"href":"https:\/\/adcotrading.eu\/fr\/wp-json\/wp\/v2\/pages\/843","targetHints":{"allow":["GET"]}}],"collection":[{"href":"https:\/\/adcotrading.eu\/fr\/wp-json\/wp\/v2\/pages"}],"about":[{"href":"https:\/\/adcotrading.eu\/fr\/wp-json\/wp\/v2\/types\/page"}],"author":[{"embeddable":true,"href":"https:\/\/adcotrading.eu\/fr\/wp-json\/wp\/v2\/users\/2"}],"replies":[{"embeddable":true,"href":"https:\/\/adcotrading.eu\/fr\/wp-json\/wp\/v2\/comments?post=843"}],"version-history":[{"count":12,"href":"https:\/\/adcotrading.eu\/fr\/wp-json\/wp\/v2\/pages\/843\/revisions"}],"predecessor-version":[{"id":1653,"href":"https:\/\/adcotrading.eu\/fr\/wp-json\/wp\/v2\/pages\/843\/revisions\/1653"}],"wp:attachment":[{"href":"https:\/\/adcotrading.eu\/fr\/wp-json\/wp\/v2\/media?parent=843"}],"curies":[{"name":"wp","href":"https:\/\/api.w.org\/{rel}","templated":true}]}}