{"id":1666,"date":"2025-10-23T14:46:03","date_gmt":"2025-10-23T14:46:03","guid":{"rendered":"https:\/\/adcotrading.eu\/hallbarhet-forst\/socialt-ansvarstagande\/"},"modified":"2026-04-15T14:32:48","modified_gmt":"2026-04-15T14:32:48","slug":"socialt-ansvarstagande","status":"publish","type":"page","link":"https:\/\/adcotrading.eu\/sv\/hallbarhet-forst\/socialt-ansvarstagande\/","title":{"rendered":"Socialt ansvarstagande"},"content":{"rendered":"\n<div class=\"wp-block-cover alignfull has-custom-content-position is-position-center-left adco-cover-block\" style=\"margin-top:0;margin-bottom:0;min-height:70vh;aspect-ratio:unset;\"><img loading=\"lazy\" decoding=\"async\" width=\"1024\" height=\"683\" sizes=\"auto, (max-width: 1024px) 100vw, 1024px\" class=\"wp-block-cover__image-background wp-image-475 size-large\" alt=\"\" src=\"http:\/\/adcotrading.eu\/app\/uploads\/2025\/11\/ChatGPT-Image-24-okt.-2025-15_00_31-1024x683.avif\" style=\"object-position:64% 38%\" data-object-fit=\"cover\" data-object-position=\"64% 38%\" srcset=\"https:\/\/adcotrading.eu\/app\/uploads\/2025\/11\/ChatGPT-Image-24-okt.-2025-15_00_31-1024x683.avif 1024w, https:\/\/adcotrading.eu\/app\/uploads\/2025\/11\/ChatGPT-Image-24-okt.-2025-15_00_31-300x200.avif 300w, https:\/\/adcotrading.eu\/app\/uploads\/2025\/11\/ChatGPT-Image-24-okt.-2025-15_00_31-768x512.avif 768w, https:\/\/adcotrading.eu\/app\/uploads\/2025\/11\/ChatGPT-Image-24-okt.-2025-15_00_31.avif 1536w\" \/><span aria-hidden=\"true\" class=\"wp-block-cover__background has-black-background-color has-background-dim-0 has-background-dim\"><\/span><div class=\"wp-block-cover__inner-container is-layout-constrained wp-block-cover-is-layout-constrained\">\n<h1 class=\"wp-block-heading has-text-align-left\">Kraften i omtanke<\/h1>\n<\/div><\/div>\n<div class=\"yoast-breadcrumbs\"><span><span><a href=\"https:\/\/adcotrading.eu\/sv\/\">Home<\/a><\/span> \u00bb <span><a href=\"https:\/\/adcotrading.eu\/sv\/hallbarhet-forst\/\">H\u00e5llbarhet f\u00f6rst<\/a><\/span> \u00bb <span class=\"breadcrumb_last\" aria-current=\"page\">Socialt ansvarstagande<\/span><\/span><\/div>\n<div class=\"wp-block-media-text alignwide is-stacked-on-mobile is-vertically-aligned-top\" style=\"margin-top:var(--wp--preset--spacing--80);margin-bottom:var(--wp--preset--spacing--80);grid-template-columns:45% auto\"><figure class=\"wp-block-media-text__media\"><img loading=\"lazy\" decoding=\"async\" width=\"1024\" height=\"683\" src=\"http:\/\/adcotrading.eu\/app\/uploads\/2025\/11\/ChatGPT-Image-24-okt.-2025-15_00_31-1024x683.avif\" alt=\"\" class=\"wp-image-475 size-full\" srcset=\"https:\/\/adcotrading.eu\/app\/uploads\/2025\/11\/ChatGPT-Image-24-okt.-2025-15_00_31-1024x683.avif 1024w, https:\/\/adcotrading.eu\/app\/uploads\/2025\/11\/ChatGPT-Image-24-okt.-2025-15_00_31-300x200.avif 300w, https:\/\/adcotrading.eu\/app\/uploads\/2025\/11\/ChatGPT-Image-24-okt.-2025-15_00_31-768x512.avif 768w, https:\/\/adcotrading.eu\/app\/uploads\/2025\/11\/ChatGPT-Image-24-okt.-2025-15_00_31.avif 1536w\" sizes=\"auto, (max-width: 1024px) 100vw, 1024px\" \/><\/figure><div class=\"wp-block-media-text__content\">\n<h5 class=\"wp-block-heading has-clay-color has-text-color has-link-color wp-elements-69126fd73d2766e086571f69b8644717\"><strong>V\u00c5RT SAMH\u00c4LLSANSVAR<\/strong><\/h5>\n\n\n\n<h2 class=\"wp-block-heading has-text-align-left\" style=\"margin-top:0\">Varje m\u00e4nniska \u00e4r viktig<\/h2>\n\n\n\n<h3 class=\"wp-block-heading\">Socialt ansvar \u2013 h\u00e5llbarhet i alla led<\/h3>\n\n\n\n<p>Vi har en tydlig vision: att leverera produkter som \u00e4r mycket funktionella, fria fr\u00e5n skadliga kemikalier och tillverkade under r\u00e4ttvisa f\u00f6rh\u00e5llanden. F\u00f6r att uppn\u00e5 detta g\u00e5r vi ofta l\u00e4ngre \u00e4n v\u00e5ra konkurrenter \u2013 f\u00f6r oss \u00e4r det enda s\u00e4ttet att se till att allt g\u00e5r r\u00e4tt till. V\u00e5rt m\u00e5l \u00e4r att varje produkt i v\u00e5rt sortiment ska g\u00f6ra skillnad. Det \u00e4r en filosofi som driver oss fram\u00e5t och g\u00f6r det v\u00e4rt anstr\u00e4ngningen.<\/p>\n\n\n\n<h3 class=\"wp-block-heading\">Ett ansvar som skyddar ditt varum\u00e4rke<\/h3>\n\n\n\n<p>F\u00f6r dig som kund inneb\u00e4r v\u00e5rt engagemang att du inte riskerar att skada ditt varum\u00e4rke, eftersom l\u00e5ga priser \u2013 som vi alla vet \u2013 ofta har en baksida. Det kan p\u00e5verka verksamheten, varum\u00e4rkets v\u00e4rde, m\u00e4nniskors h\u00e4lsa och i v\u00e4rsta fall till och med liv. Det \u00e4r ett pris vi aldrig \u00e4r beredda att betala.<\/p>\n\n\n\n<h3 class=\"wp-block-heading\">Socialt ansvar i praktiken<\/h3>\n\n\n\n<p>F\u00f6r oss \u00e4r socialt ansvar inte bara en formalitet. Det handlar om att verkligen f\u00f6rst\u00e5 de f\u00f6rh\u00e5llanden som r\u00e5der hos v\u00e5ra leverant\u00f6rer och hos de m\u00e4nniskor som arbetar med oss. D\u00e4rf\u00f6r kombinerar vi externa sociala revisioner med egna bes\u00f6k p\u00e5 plats, d\u00e4r vi tr\u00e4ffar chefer och medarbetare, granskar f\u00f6rh\u00e5llanden och arbetar tillsammans f\u00f6r att \u00e5stadkomma kontinuerliga f\u00f6rb\u00e4ttringar.<\/p>\n\n\n\n<p>Vi f\u00f6ljer <strong>BSCI\/amfori-ramverket<\/strong>, som bygger p\u00e5 internationella arbetsnormer som ILO:s konventioner och FN:s principer f\u00f6r m\u00e4nskliga r\u00e4ttigheter. Detta s\u00e4kerst\u00e4ller att v\u00e5ra\u00a0<\/p>\n\n\n\n<p>leverant\u00f6rer utv\u00e4rderas regelbundet utifr\u00e5n viktiga aspekter som r\u00e4ttvisa l\u00f6ner och s\u00e4kra\u00a0<\/p>\n\n\n\n<p>arbetsf\u00f6rh\u00e5llanden, arbetstid, barnarbete, f\u00f6reningsfrihet och icke-diskriminering. Men vi n\u00f6jer oss inte med det. Vi ser revisioner som utg\u00e5ngspunkten f\u00f6r en utvecklingsprocess,\u00a0<\/p>\n\n\n\n<p>inte m\u00e5llinjen.<\/p>\n\n\n\n<h3 class=\"wp-block-heading\">Ett partnerskap som bygger p\u00e5 omtanke<\/h3>\n\n\n\n<p>V\u00e5r omsorg om m\u00e4nniskorna i v\u00e5r leverant\u00f6rskedja handlar inte om att f\u00f6lja regler \u2013 den \u00e4r en del av v\u00e5r aff\u00e4rsfilosofi. Vi \u00e4r \u00f6vertygade om att vi, genom att bygga upp l\u00e5ngsiktiga relationer och samarbeta n\u00e4ra v\u00e5ra partner, kan s\u00e4kerst\u00e4lla en produktionsprocess som \u00e4r s\u00e4ker, r\u00e4ttvis och h\u00e5llbar\u00a0<\/p>\n\n\n\n<p>f\u00f6r alla inblandade. Det \u00e4r s\u00e5 vi skapar verkligt v\u00e4rde \u2013 f\u00f6r medarbetarna, f\u00f6r ert varum\u00e4rke\u00a0<\/p>\n\n\n\n<p>och f\u00f6r framtiden.<\/p>\n<\/div><\/div>\n\n<div class=\"wp-block-group alignwide is-layout-constrained wp-block-group-is-layout-constrained\">\n<h3 class=\"wp-block-heading alignwide\">Our sustainability initiatives<\/h3>\n\n\n\n<div class=\"sustainable-entrances-block alignwide wp-block\" id=\"block_152aaf345e9524a2162b7fd9d3fbd690\">\n\n    <div class=\"link-items\">\n            <a href=\"http:\/\/adcotrading.eu\/sustainability-first\/social-responsibility\/\">\n            <figure><img loading=\"lazy\" decoding=\"async\" width=\"955\" height=\"601\" src=\"https:\/\/adcotrading.eu\/app\/uploads\/2025\/10\/Our-Social-Responsibility.avif\" class=\"attachment-full size-full\" alt=\"\" srcset=\"https:\/\/adcotrading.eu\/app\/uploads\/2025\/10\/Our-Social-Responsibility.avif 955w, https:\/\/adcotrading.eu\/app\/uploads\/2025\/10\/Our-Social-Responsibility-300x189.avif 300w, https:\/\/adcotrading.eu\/app\/uploads\/2025\/10\/Our-Social-Responsibility-768x483.avif 768w\" sizes=\"auto, (max-width: 955px) 100vw, 955px\" \/>                <figcaption>Social Responsibility<\/figcaption>\n            <\/figure>\n        <\/a>\n            <a href=\"http:\/\/adcotrading.eu\/sustainability-first\/carbon-footprint\/\">\n            <figure><img loading=\"lazy\" decoding=\"async\" width=\"955\" height=\"600\" src=\"https:\/\/adcotrading.eu\/app\/uploads\/2025\/10\/Carbon-Footprint.avif\" class=\"attachment-full size-full\" alt=\"\" srcset=\"https:\/\/adcotrading.eu\/app\/uploads\/2025\/10\/Carbon-Footprint.avif 955w, https:\/\/adcotrading.eu\/app\/uploads\/2025\/10\/Carbon-Footprint-300x188.avif 300w, https:\/\/adcotrading.eu\/app\/uploads\/2025\/10\/Carbon-Footprint-768x483.avif 768w\" sizes=\"auto, (max-width: 955px) 100vw, 955px\" \/>                <figcaption>Carbon Footprint<\/figcaption>\n            <\/figure>\n        <\/a>\n            <a href=\"http:\/\/adcotrading.eu\/sustainability-first\/responsible-chemical-management\/\">\n            <figure><img loading=\"lazy\" decoding=\"async\" width=\"956\" height=\"602\" src=\"https:\/\/adcotrading.eu\/app\/uploads\/2025\/10\/Responsible-Chemical-Management.avif\" class=\"attachment-full size-full\" alt=\"\" srcset=\"https:\/\/adcotrading.eu\/app\/uploads\/2025\/10\/Responsible-Chemical-Management.avif 956w, https:\/\/adcotrading.eu\/app\/uploads\/2025\/10\/Responsible-Chemical-Management-300x189.avif 300w, https:\/\/adcotrading.eu\/app\/uploads\/2025\/10\/Responsible-Chemical-Management-768x484.avif 768w\" sizes=\"auto, (max-width: 956px) 100vw, 956px\" \/>                <figcaption>Responsible Chemical Management<\/figcaption>\n            <\/figure>\n        <\/a>\n            <a href=\"http:\/\/adcotrading.eu\/sustainability-first\/traceable\/\">\n            <figure><img loading=\"lazy\" decoding=\"async\" width=\"2560\" height=\"1707\" src=\"https:\/\/adcotrading.eu\/app\/uploads\/2025\/12\/PET-bild.webp\" class=\"attachment-full size-full not-transparent\" alt=\"\" srcset=\"https:\/\/adcotrading.eu\/app\/uploads\/2025\/12\/PET-bild.webp 2560w, https:\/\/adcotrading.eu\/app\/uploads\/2025\/12\/PET-bild-300x200.webp 300w, https:\/\/adcotrading.eu\/app\/uploads\/2025\/12\/PET-bild-1024x683.webp 1024w, https:\/\/adcotrading.eu\/app\/uploads\/2025\/12\/PET-bild-768x512.webp 768w, https:\/\/adcotrading.eu\/app\/uploads\/2025\/12\/PET-bild-1536x1024.webp 1536w, https:\/\/adcotrading.eu\/app\/uploads\/2025\/12\/PET-bild-2048x1366.webp 2048w\" sizes=\"auto, (max-width: 2560px) 100vw, 2560px\" data-has-transparency=\"false\" data-dominant-color=\"8ddae6\" style=\"--dominant-color: #8ddae6;\" \/>                <figcaption>Supply Chain Traceability<\/figcaption>\n            <\/figure>\n        <\/a>\n        <\/div>\n\n<\/div><\/div>\n","protected":false},"excerpt":{"rendered":"<p>V\u00c5RT SAMH\u00c4LLSANSVAR Varje m\u00e4nniska \u00e4r viktig Socialt ansvar \u2013 h\u00e5llbarhet i alla led Vi har en tydlig vision: att leverera produkter som \u00e4r mycket funktionella, fria fr\u00e5n skadliga kemikalier och tillverkade under r\u00e4ttvisa f\u00f6rh\u00e5llanden. F\u00f6r att uppn\u00e5 detta g\u00e5r vi ofta l\u00e4ngre \u00e4n v\u00e5ra konkurrenter \u2013 f\u00f6r oss \u00e4r det enda s\u00e4ttet att se till [&hellip;]<\/p>\n","protected":false},"author":2,"featured_media":0,"parent":1647,"menu_order":0,"comment_status":"closed","ping_status":"closed","template":"","meta":{"_acf_changed":false,"footnotes":""},"class_list":["post-1666","page","type-page","status-publish","hentry"],"acf":[],"yoast_head":"<!-- This site is optimized with the Yoast SEO plugin v27.4 - https:\/\/yoast.com\/product\/yoast-seo-wordpress\/ -->\n<title>Socialt ansvarstagande - AD CO. trading<\/title>\n<meta name=\"description\" content=\"Kraften i omtanke V\u00c5RT SAMH\u00c4LLSANSVAR Varje m\u00e4nniska \u00e4r viktig Socialt ansvar \u2013 h\u00e5llbarhet i alla led Vi har en tydlig vision: att leverera produkter som\" \/>\n<meta name=\"robots\" content=\"index, follow, max-snippet:-1, max-image-preview:large, max-video-preview:-1\" \/>\n<link rel=\"canonical\" href=\"https:\/\/adcotrading.eu\/sv\/hallbarhet-forst\/socialt-ansvarstagande\/\" \/>\n<meta property=\"og:locale\" content=\"sv_SE\" \/>\n<meta property=\"og:type\" content=\"article\" \/>\n<meta property=\"og:title\" content=\"Socialt ansvarstagande - AD CO. trading\" \/>\n<meta property=\"og:description\" content=\"Kraften i omtanke V\u00c5RT SAMH\u00c4LLSANSVAR Varje m\u00e4nniska \u00e4r viktig Socialt ansvar \u2013 h\u00e5llbarhet i alla led Vi har en tydlig vision: att leverera produkter som\" \/>\n<meta property=\"og:url\" content=\"https:\/\/adcotrading.eu\/sv\/hallbarhet-forst\/socialt-ansvarstagande\/\" \/>\n<meta property=\"og:site_name\" content=\"AD CO. trading\" \/>\n<meta property=\"article:modified_time\" content=\"2026-04-15T14:32:48+00:00\" \/>\n<meta property=\"og:image\" content=\"https:\/\/adcotrading.eu\/app\/uploads\/2025\/11\/ChatGPT-Image-24-okt.-2025-15_00_31.avif\" \/>\n\t<meta property=\"og:image:width\" content=\"1536\" \/>\n\t<meta property=\"og:image:height\" content=\"1024\" \/>\n\t<meta property=\"og:image:type\" content=\"image\/png\" \/>\n<meta name=\"twitter:card\" content=\"summary_large_image\" \/>\n<meta name=\"twitter:label1\" content=\"Ber\u00e4knad l\u00e4stid\" \/>\n\t<meta name=\"twitter:data1\" content=\"2 minuter\" \/>\n<script type=\"application\/ld+json\" class=\"yoast-schema-graph\">{\"@context\":\"https:\\\/\\\/schema.org\",\"@graph\":[{\"@type\":\"WebPage\",\"@id\":\"https:\\\/\\\/adcotrading.eu\\\/sv\\\/hallbarhet-forst\\\/socialt-ansvarstagande\\\/\",\"url\":\"https:\\\/\\\/adcotrading.eu\\\/sv\\\/hallbarhet-forst\\\/socialt-ansvarstagande\\\/\",\"name\":\"Socialt ansvarstagande - AD CO. trading\",\"isPartOf\":{\"@id\":\"https:\\\/\\\/adcotrading.eu\\\/sv\\\/#website\"},\"primaryImageOfPage\":{\"@id\":\"https:\\\/\\\/adcotrading.eu\\\/sv\\\/hallbarhet-forst\\\/socialt-ansvarstagande\\\/#primaryimage\"},\"image\":{\"@id\":\"https:\\\/\\\/adcotrading.eu\\\/sv\\\/hallbarhet-forst\\\/socialt-ansvarstagande\\\/#primaryimage\"},\"thumbnailUrl\":\"http:\\\/\\\/adcotrading.eu\\\/app\\\/uploads\\\/2025\\\/11\\\/ChatGPT-Image-24-okt.-2025-15_00_31-1024x683.avif\",\"datePublished\":\"2025-10-23T14:46:03+00:00\",\"dateModified\":\"2026-04-15T14:32:48+00:00\",\"description\":\"Kraften i omtanke V\u00c5RT SAMH\u00c4LLSANSVAR Varje m\u00e4nniska \u00e4r viktig Socialt ansvar \u2013 h\u00e5llbarhet i alla led Vi har en tydlig vision: att leverera produkter som\",\"breadcrumb\":{\"@id\":\"https:\\\/\\\/adcotrading.eu\\\/sv\\\/hallbarhet-forst\\\/socialt-ansvarstagande\\\/#breadcrumb\"},\"inLanguage\":\"sv-SE\",\"potentialAction\":[{\"@type\":\"ReadAction\",\"target\":[\"https:\\\/\\\/adcotrading.eu\\\/sv\\\/hallbarhet-forst\\\/socialt-ansvarstagande\\\/\"]}]},{\"@type\":\"ImageObject\",\"inLanguage\":\"sv-SE\",\"@id\":\"https:\\\/\\\/adcotrading.eu\\\/sv\\\/hallbarhet-forst\\\/socialt-ansvarstagande\\\/#primaryimage\",\"url\":\"http:\\\/\\\/adcotrading.eu\\\/app\\\/uploads\\\/2025\\\/11\\\/ChatGPT-Image-24-okt.-2025-15_00_31-1024x683.avif\",\"contentUrl\":\"http:\\\/\\\/adcotrading.eu\\\/app\\\/uploads\\\/2025\\\/11\\\/ChatGPT-Image-24-okt.-2025-15_00_31-1024x683.avif\"},{\"@type\":\"BreadcrumbList\",\"@id\":\"https:\\\/\\\/adcotrading.eu\\\/sv\\\/hallbarhet-forst\\\/socialt-ansvarstagande\\\/#breadcrumb\",\"itemListElement\":[{\"@type\":\"ListItem\",\"position\":1,\"name\":\"Home\",\"item\":\"https:\\\/\\\/adcotrading.eu\\\/sv\\\/\"},{\"@type\":\"ListItem\",\"position\":2,\"name\":\"H\u00e5llbarhet f\u00f6rst\",\"item\":\"https:\\\/\\\/adcotrading.eu\\\/sv\\\/hallbarhet-forst\\\/\"},{\"@type\":\"ListItem\",\"position\":3,\"name\":\"Socialt ansvarstagande\"}]},{\"@type\":\"WebSite\",\"@id\":\"https:\\\/\\\/adcotrading.eu\\\/sv\\\/#website\",\"url\":\"https:\\\/\\\/adcotrading.eu\\\/sv\\\/\",\"name\":\"AD CO. trading\",\"description\":\"\",\"potentialAction\":[{\"@type\":\"SearchAction\",\"target\":{\"@type\":\"EntryPoint\",\"urlTemplate\":\"https:\\\/\\\/adcotrading.eu\\\/sv\\\/?s={search_term_string}\"},\"query-input\":{\"@type\":\"PropertyValueSpecification\",\"valueRequired\":true,\"valueName\":\"search_term_string\"}}],\"inLanguage\":\"sv-SE\"}]}<\/script>\n<!-- \/ Yoast SEO plugin. -->","yoast_head_json":{"title":"Socialt ansvarstagande - AD CO. trading","description":"Kraften i omtanke V\u00c5RT SAMH\u00c4LLSANSVAR Varje m\u00e4nniska \u00e4r viktig Socialt ansvar \u2013 h\u00e5llbarhet i alla led Vi har en tydlig vision: att leverera produkter som","robots":{"index":"index","follow":"follow","max-snippet":"max-snippet:-1","max-image-preview":"max-image-preview:large","max-video-preview":"max-video-preview:-1"},"canonical":"https:\/\/adcotrading.eu\/sv\/hallbarhet-forst\/socialt-ansvarstagande\/","og_locale":"sv_SE","og_type":"article","og_title":"Socialt ansvarstagande - AD CO. trading","og_description":"Kraften i omtanke V\u00c5RT SAMH\u00c4LLSANSVAR Varje m\u00e4nniska \u00e4r viktig Socialt ansvar \u2013 h\u00e5llbarhet i alla led Vi har en tydlig vision: att leverera produkter som","og_url":"https:\/\/adcotrading.eu\/sv\/hallbarhet-forst\/socialt-ansvarstagande\/","og_site_name":"AD CO. trading","article_modified_time":"2026-04-15T14:32:48+00:00","og_image":[{"width":1536,"height":1024,"url":"https:\/\/adcotrading.eu\/app\/uploads\/2025\/11\/ChatGPT-Image-24-okt.-2025-15_00_31.avif","type":"image\/png"}],"twitter_card":"summary_large_image","twitter_misc":{"Ber\u00e4knad l\u00e4stid":"2 minuter"},"schema":{"@context":"https:\/\/schema.org","@graph":[{"@type":"WebPage","@id":"https:\/\/adcotrading.eu\/sv\/hallbarhet-forst\/socialt-ansvarstagande\/","url":"https:\/\/adcotrading.eu\/sv\/hallbarhet-forst\/socialt-ansvarstagande\/","name":"Socialt ansvarstagande - AD CO. trading","isPartOf":{"@id":"https:\/\/adcotrading.eu\/sv\/#website"},"primaryImageOfPage":{"@id":"https:\/\/adcotrading.eu\/sv\/hallbarhet-forst\/socialt-ansvarstagande\/#primaryimage"},"image":{"@id":"https:\/\/adcotrading.eu\/sv\/hallbarhet-forst\/socialt-ansvarstagande\/#primaryimage"},"thumbnailUrl":"http:\/\/adcotrading.eu\/app\/uploads\/2025\/11\/ChatGPT-Image-24-okt.-2025-15_00_31-1024x683.avif","datePublished":"2025-10-23T14:46:03+00:00","dateModified":"2026-04-15T14:32:48+00:00","description":"Kraften i omtanke V\u00c5RT SAMH\u00c4LLSANSVAR Varje m\u00e4nniska \u00e4r viktig Socialt ansvar \u2013 h\u00e5llbarhet i alla led Vi har en tydlig vision: att leverera produkter som","breadcrumb":{"@id":"https:\/\/adcotrading.eu\/sv\/hallbarhet-forst\/socialt-ansvarstagande\/#breadcrumb"},"inLanguage":"sv-SE","potentialAction":[{"@type":"ReadAction","target":["https:\/\/adcotrading.eu\/sv\/hallbarhet-forst\/socialt-ansvarstagande\/"]}]},{"@type":"ImageObject","inLanguage":"sv-SE","@id":"https:\/\/adcotrading.eu\/sv\/hallbarhet-forst\/socialt-ansvarstagande\/#primaryimage","url":"http:\/\/adcotrading.eu\/app\/uploads\/2025\/11\/ChatGPT-Image-24-okt.-2025-15_00_31-1024x683.avif","contentUrl":"http:\/\/adcotrading.eu\/app\/uploads\/2025\/11\/ChatGPT-Image-24-okt.-2025-15_00_31-1024x683.avif"},{"@type":"BreadcrumbList","@id":"https:\/\/adcotrading.eu\/sv\/hallbarhet-forst\/socialt-ansvarstagande\/#breadcrumb","itemListElement":[{"@type":"ListItem","position":1,"name":"Home","item":"https:\/\/adcotrading.eu\/sv\/"},{"@type":"ListItem","position":2,"name":"H\u00e5llbarhet f\u00f6rst","item":"https:\/\/adcotrading.eu\/sv\/hallbarhet-forst\/"},{"@type":"ListItem","position":3,"name":"Socialt ansvarstagande"}]},{"@type":"WebSite","@id":"https:\/\/adcotrading.eu\/sv\/#website","url":"https:\/\/adcotrading.eu\/sv\/","name":"AD CO. trading","description":"","potentialAction":[{"@type":"SearchAction","target":{"@type":"EntryPoint","urlTemplate":"https:\/\/adcotrading.eu\/sv\/?s={search_term_string}"},"query-input":{"@type":"PropertyValueSpecification","valueRequired":true,"valueName":"search_term_string"}}],"inLanguage":"sv-SE"}]}},"_links":{"self":[{"href":"https:\/\/adcotrading.eu\/sv\/wp-json\/wp\/v2\/pages\/1666","targetHints":{"allow":["GET"]}}],"collection":[{"href":"https:\/\/adcotrading.eu\/sv\/wp-json\/wp\/v2\/pages"}],"about":[{"href":"https:\/\/adcotrading.eu\/sv\/wp-json\/wp\/v2\/types\/page"}],"author":[{"embeddable":true,"href":"https:\/\/adcotrading.eu\/sv\/wp-json\/wp\/v2\/users\/2"}],"replies":[{"embeddable":true,"href":"https:\/\/adcotrading.eu\/sv\/wp-json\/wp\/v2\/comments?post=1666"}],"version-history":[{"count":1,"href":"https:\/\/adcotrading.eu\/sv\/wp-json\/wp\/v2\/pages\/1666\/revisions"}],"predecessor-version":[{"id":1667,"href":"https:\/\/adcotrading.eu\/sv\/wp-json\/wp\/v2\/pages\/1666\/revisions\/1667"}],"up":[{"embeddable":true,"href":"https:\/\/adcotrading.eu\/sv\/wp-json\/wp\/v2\/pages\/1647"}],"wp:attachment":[{"href":"https:\/\/adcotrading.eu\/sv\/wp-json\/wp\/v2\/media?parent=1666"}],"curies":[{"name":"wp","href":"https:\/\/api.w.org\/{rel}","templated":true}]}}